{"id":7183,"date":"2025-12-12T08:53:14","date_gmt":"2025-12-12T08:53:14","guid":{"rendered":"https:\/\/parkinsonnolimits.com\/squadra-professionale\/francesca-de-bartolomeis\/"},"modified":"2026-08-07T11:48:49","modified_gmt":"2026-08-07T11:48:49","slug":"francesca-de-bartolomeis","status":"publish","type":"page","link":"https:\/\/parkinsonnolimits.com\/it\/equipe-di-professionisti\/francesca-de-bartolomeis\/","title":{"rendered":"Francesca De Bartolomeis"},"content":{"rendered":"\t\t<div data-elementor-type=\"wp-page\" data-elementor-id=\"7183\" class=\"elementor elementor-7183 elementor-4961\">\n\t\t\t\t<div class=\"elementor-element elementor-element-116bf77 e-flex e-con-boxed e-con e-parent\" data-id=\"116bf77\" data-element_type=\"container\" data-e-type=\"container\" data-settings=\"{&quot;background_background&quot;:&quot;classic&quot;}\">\n\t\t\t\t\t<div class=\"e-con-inner\">\n\t\t<div class=\"elementor-element elementor-element-9d78f5c e-con-full e-flex elementor-invisible e-con e-child\" data-id=\"9d78f5c\" data-element_type=\"container\" data-e-type=\"container\" data-settings=\"{&quot;animation&quot;:&quot;fadeIn&quot;}\">\n\t\t\t\t<div class=\"elementor-element elementor-element-31233b7 elementor-invisible elementor-widget elementor-widget-heading\" data-id=\"31233b7\" data-element_type=\"widget\" data-e-type=\"widget\" data-settings=\"{&quot;_animation&quot;:&quot;fadeIn&quot;}\" data-widget_type=\"heading.default\">\n\t\t\t\t\t<h2 class=\"elementor-heading-title elementor-size-default\">Psicomotricista e coordinatrice <\/h2>\t\t\t\t<\/div>\n\t\t\t\t<div class=\"elementor-element elementor-element-d0ed80f elementor-invisible elementor-widget elementor-widget-heading\" data-id=\"d0ed80f\" data-element_type=\"widget\" data-e-type=\"widget\" data-settings=\"{&quot;_animation&quot;:&quot;fadeIn&quot;,&quot;_animation_delay&quot;:200}\" data-widget_type=\"heading.default\">\n\t\t\t\t\t<h1 class=\"elementor-heading-title elementor-size-default\">Francesca De Bartolomeis<\/h1>\t\t\t\t<\/div>\n\t\t\t\t<\/div>\n\t\t\t\t\t<\/div>\n\t\t\t\t<\/div>\n\t\t<div class=\"elementor-element elementor-element-4113a55 e-flex e-con-boxed e-con e-parent\" data-id=\"4113a55\" data-element_type=\"container\" data-e-type=\"container\">\n\t\t\t\t\t<div class=\"e-con-inner\">\n\t\t<div class=\"elementor-element elementor-element-94f3b7f e-con-full e-flex e-con e-child\" data-id=\"94f3b7f\" data-element_type=\"container\" data-e-type=\"container\">\n\t\t\t\t<div class=\"elementor-element elementor-element-7059e94 elementor-widget elementor-widget-image\" data-id=\"7059e94\" data-element_type=\"widget\" data-e-type=\"widget\" data-widget_type=\"image.default\">\n\t\t\t\t\t\t\t\t\t\t\t\t\t\t\t<img fetchpriority=\"high\" decoding=\"async\" width=\"600\" height=\"800\" src=\"https:\/\/parkinsonnolimits.com\/wp-content\/uploads\/2025\/12\/francesca-de-bartolomeis.jpg\" class=\"attachment-large size-large wp-image-6742\" alt=\"\" srcset=\"https:\/\/parkinsonnolimits.com\/wp-content\/uploads\/2025\/12\/francesca-de-bartolomeis.jpg 600w, https:\/\/parkinsonnolimits.com\/wp-content\/uploads\/2025\/12\/francesca-de-bartolomeis-225x300.jpg 225w\" sizes=\"(max-width: 600px) 100vw, 600px\" \/>\t\t\t\t\t\t\t\t\t\t\t\t\t\t\t<\/div>\n\t\t\t\t<\/div>\n\t\t<div class=\"elementor-element elementor-element-1169a9e e-con-full e-flex e-con e-child\" data-id=\"1169a9e\" data-element_type=\"container\" data-e-type=\"container\">\n\t\t\t\t<div class=\"elementor-element elementor-element-a73c3c7 elementor-invisible elementor-widget elementor-widget-heading\" data-id=\"a73c3c7\" data-element_type=\"widget\" data-e-type=\"widget\" data-settings=\"{&quot;_animation&quot;:&quot;fadeIn&quot;}\" data-widget_type=\"heading.default\">\n\t\t\t\t\t<h2 class=\"elementor-heading-title elementor-size-default\">Psicomotricista<\/h2>\t\t\t\t<\/div>\n\t\t\t\t<div class=\"elementor-element elementor-element-5c5f393 elementor-invisible elementor-widget elementor-widget-heading\" data-id=\"5c5f393\" data-element_type=\"widget\" data-e-type=\"widget\" data-settings=\"{&quot;_animation&quot;:&quot;fadeIn&quot;,&quot;_animation_delay&quot;:200}\" data-widget_type=\"heading.default\">\n\t\t\t\t\t<h2 class=\"elementor-heading-title elementor-size-default\">Coordinatrice Generale, Project Manager e Psicomotricista<\/h2>\t\t\t\t<\/div>\n\t\t\t\t<div class=\"elementor-element elementor-element-b782985 elementor-widget elementor-widget-text-editor\" data-id=\"b782985\" data-element_type=\"widget\" data-e-type=\"widget\" data-widget_type=\"text-editor.default\">\n\t\t\t\t\t\t\t\t\t<p id=\"p-rc_335a9c48e96d0aa3-390\" data-path-to-node=\"4\"><span data-path-to-node=\"4,0\">Francesca De Bartolomeis \u00e8 una professionista multidisciplinare con oltre 20 anni di esperienza nell&#8217;ambito socio-sanitario, della psicomotricit\u00e0 e nella gestione di progetti sociali, terapeutici e assistenziali<\/span><span data-path-to-node=\"4,2\">. Specializzata nell&#8217;approccio integrato alla malattia di Parkinson e nelle terapie complementari<\/span><span data-path-to-node=\"4,4\">, unisce una solida visione strategica organizzativa (Project Management) a un&#8217;eccezionale sensibilit\u00e0 umana nell&#8217;accompagnamento corporeo ed emotivo di adulti e anziani<\/span><span data-path-to-node=\"4,6\">.<\/span><\/p><h4 data-path-to-node=\"5\"><b data-path-to-node=\"5\" data-index-in-node=\"0\">Leadership e Ruolo in FuerteVida Parkinson No Limits<\/b><\/h4><p id=\"p-rc_335a9c48e96d0aa3-391\" data-path-to-node=\"6\"><span data-path-to-node=\"6,0\">Dal 2019, Francesca ricopre un ruolo direttivo centrale nell&#8217;associazione FuerteVida Parkinson No Limits (Fuerteventura)<\/span><span data-path-to-node=\"6,2\">:<\/span><\/p><ul data-path-to-node=\"7\"><li><p id=\"p-rc_335a9c48e96d0aa3-392\" data-path-to-node=\"7,0,0\"><span data-path-to-node=\"7,0,0,0\"><b data-path-to-node=\"7,0,0,0\" data-index-in-node=\"0\">Coordinamento Generale e dei Consulenti:<\/b> dirige, supervisiona e armonizza il lavoro del team interdisciplinare di professionisti e consulenti<\/span><span data-path-to-node=\"7,0,0,2\">.<\/span><\/p><\/li><li><p id=\"p-rc_335a9c48e96d0aa3-393\" data-path-to-node=\"7,1,0\"><span data-path-to-node=\"7,1,0,0\"><b data-path-to-node=\"7,1,0,0\" data-index-in-node=\"0\">Gestione di Progetti ed Eventi:<\/b> progetta, coordina e realizza progetti socio-educativi e terapeutici, oltre a eventi culturali e solidali di sensibilizzazione a livello internazionale<\/span><span data-path-to-node=\"7,1,0,2\">.<\/span><\/p><\/li><li><p id=\"p-rc_335a9c48e96d0aa3-394\" data-path-to-node=\"7,2,0\"><span data-path-to-node=\"7,2,0,0\"><b data-path-to-node=\"7,2,0,0\" data-index-in-node=\"0\">Terapista Psicomotricista:<\/b> conduce sessioni di psicomotricit\u00e0 per adulti, integrando tecniche corporee avanzate volte a migliorare la mobilit\u00e0, l&#8217;espressione e la qualit\u00e0 della vita delle persone<\/span><span data-path-to-node=\"7,2,0,2\">.<\/span><\/p><\/li><\/ul><h4 data-path-to-node=\"8\"><b data-path-to-node=\"8\" data-index-in-node=\"0\">Specializzazione Tecnica e Strumenti Terapeutici<\/b><\/h4><p id=\"p-rc_335a9c48e96d0aa3-395\" data-path-to-node=\"9\"><span data-path-to-node=\"9,0\">Formatasi presso la prestigiosa scuola LAISPSIM di Milano, la sua tesi di diploma (&#8220;Parkinson e Terapie Complementari&#8221;, 100\/100) ha posto le basi per un approccio altamente specializzato che integra<\/span><span data-path-to-node=\"9,2\">:<\/span><\/p><ul data-path-to-node=\"10\"><li><p data-path-to-node=\"10,0,0\"><b data-path-to-node=\"10,0,0\" data-index-in-node=\"0\">stimolazione basale di Fr\u00f6hlich<\/b><\/p><\/li><li><p data-path-to-node=\"10,1,0\"><b data-path-to-node=\"10,1,0\" data-index-in-node=\"0\">teatro moreniano ed espressione artistica<\/b><\/p><\/li><li><p data-path-to-node=\"10,2,0\"><b data-path-to-node=\"10,2,0\" data-index-in-node=\"0\">biodanza e bioenergetica<\/b><\/p><\/li><li><p data-path-to-node=\"10,3,0\"><b data-path-to-node=\"10,3,0\" data-index-in-node=\"0\">psicomotricit\u00e0 in acqua e ippoterapia<\/b><\/p><\/li><li><p data-path-to-node=\"10,4,0\"><b>arte terapia<\/b><\/p><p id=\"p-rc_335a9c48e96d0aa3-400\" data-path-to-node=\"10,4,1\">\u00a0<\/p><\/li><\/ul><h4 data-path-to-node=\"11\"><b data-path-to-node=\"11\" data-index-in-node=\"0\">Impegno Internazionale e Divulgazione sul Parkinson<\/b><\/h4><p data-path-to-node=\"12\">\u00c8 una figura di riferimento nella divulgazione e nella difesa dei diritti delle persone con Parkinson:<\/p><ul data-path-to-node=\"13\"><li><p id=\"p-rc_335a9c48e96d0aa3-401\" data-path-to-node=\"13,0,0\"><span data-path-to-node=\"13,0,0,0\"><b data-path-to-node=\"13,0,0,0\" data-index-in-node=\"0\">World Parkinson Coalition (WPC):<\/b> membro attivo del Parkinson Advocates Committee dal 2020 e organizzatrice di congressi mondiali<\/span><span data-path-to-node=\"13,0,0,2\">.<\/span><\/p><\/li><li><p id=\"p-rc_335a9c48e96d0aa3-402\" data-path-to-node=\"13,1,0\"><span data-path-to-node=\"13,1,0,0\"><b data-path-to-node=\"13,1,0,0\" data-index-in-node=\"0\">Associazione Italiana Parkinson (AIP):<\/b> psicomotricista e relatrice abituale nei congressi nazionali dal 2014<\/span><span data-path-to-node=\"13,1,0,2\">.<\/span><\/p><\/li><li><p id=\"p-rc_335a9c48e96d0aa3-403\" data-path-to-node=\"13,2,0\"><span data-path-to-node=\"13,2,0,0\"><b data-path-to-node=\"13,2,0,0\" data-index-in-node=\"0\">Congressi Internazionali:<\/b> relatrice e partecipante a incontri chiave come i Congressi Mondiali sul Parkinson (Portland 2016, Kyoto 2019, Barcellona 2023, Phoenix 2026) e l&#8217;International Brain Congress di Copenaghen (2020)<\/span><span data-path-to-node=\"13,2,0,2\">.<\/span><\/p><\/li><li><p id=\"p-rc_335a9c48e96d0aa3-404\" data-path-to-node=\"13,3,0\"><span data-path-to-node=\"13,3,0,0\"><b data-path-to-node=\"13,3,0,0\" data-index-in-node=\"0\">Ricerca:<\/b> co-autrice di studi sulla medicina partecipativa e sulle sfide dell&#8217;abbigliamento nel Parkinson presentati al Congresso LIMPE-DISMOV (Milano, 2024), e al World Parkinson Congress (WPC 2023 e WPC 2026)<\/span><span data-path-to-node=\"13,3,0,2\">.<\/span><\/p><\/li><\/ul><h4 data-path-to-node=\"14\"><b data-path-to-node=\"14\" data-index-in-node=\"0\">Contatti e Lingue<\/b><\/h4><ul data-path-to-node=\"15\"><li><p id=\"p-rc_335a9c48e96d0aa3-405\" data-path-to-node=\"15,0,0\"><span data-path-to-node=\"15,0,0,0\"><b data-path-to-node=\"15,0,0,0\" data-index-in-node=\"0\">Lingue:<\/b> italiano (madrelingua), spagnolo, inglese<\/span><span data-path-to-node=\"15,0,0,2\">.<\/span><\/p><\/li><li><p id=\"p-rc_335a9c48e96d0aa3-406\" data-path-to-node=\"15,1,0\"><span data-path-to-node=\"15,1,0,0\"><b data-path-to-node=\"15,1,0,0\" data-index-in-node=\"0\">Ubicazione:<\/b> situata a Fuerteventura, Isole Canarie<\/span><span data-path-to-node=\"15,1,0,2\">.<\/span><\/p><\/li><\/ul>\t\t\t\t\t\t\t\t<\/div>\n\t\t\t\t<\/div>\n\t\t\t\t\t<\/div>\n\t\t\t\t<\/div>\n\t\t<div class=\"elementor-element elementor-element-96c3f17 e-flex e-con-boxed e-con e-parent\" data-id=\"96c3f17\" data-element_type=\"container\" data-e-type=\"container\" data-settings=\"{&quot;background_background&quot;:&quot;classic&quot;}\">\n\t\t\t\t\t<div class=\"e-con-inner\">\n\t\t<div class=\"elementor-element elementor-element-99f1a17 e-con-full e-flex elementor-invisible e-con e-child\" data-id=\"99f1a17\" data-element_type=\"container\" data-e-type=\"container\" data-settings=\"{&quot;animation&quot;:&quot;fadeIn&quot;}\">\n\t\t\t\t<div class=\"elementor-element elementor-element-631b64d elementor-invisible elementor-widget elementor-widget-heading\" data-id=\"631b64d\" data-element_type=\"widget\" data-e-type=\"widget\" data-settings=\"{&quot;_animation&quot;:&quot;fadeIn&quot;}\" data-widget_type=\"heading.default\">\n\t\t\t\t\t<h2 class=\"elementor-heading-title elementor-size-default\">ITALIA<\/h2>\t\t\t\t<\/div>\n\t\t\t\t<div class=\"elementor-element elementor-element-3405af9 elementor-invisible elementor-widget elementor-widget-heading\" data-id=\"3405af9\" data-element_type=\"widget\" data-e-type=\"widget\" data-settings=\"{&quot;_animation&quot;:&quot;fadeIn&quot;,&quot;_animation_delay&quot;:200}\" data-widget_type=\"heading.default\">\n\t\t\t\t\t<h2 class=\"elementor-heading-title elementor-size-default\">Collaborazioni e Istituzioni<\/h2>\t\t\t\t<\/div>\n\t\t\t\t<div class=\"elementor-element elementor-element-23ed8ea elementor-align-start elementor-icon-list--layout-traditional elementor-list-item-link-full_width elementor-widget elementor-widget-icon-list\" data-id=\"23ed8ea\" data-element_type=\"widget\" data-e-type=\"widget\" data-widget_type=\"icon-list.default\">\n\t\t\t\t\t\t\t<ul class=\"elementor-icon-list-items\">\n\t\t\t\t\t\t\t<li class=\"elementor-icon-list-item\">\n\t\t\t\t\t\t\t\t\t\t\t<span class=\"elementor-icon-list-icon\">\n\t\t\t\t\t\t\t<i aria-hidden=\"true\" class=\"jki jki-check-light\"><\/i>\t\t\t\t\t\t<\/span>\n\t\t\t\t\t\t\t\t\t\t<span class=\"elementor-icon-list-text\">L'Associazione Italiana Parkinson (AIP) e con il neurologo prof. G. Pezzoli<\/span>\n\t\t\t\t\t\t\t\t\t<\/li>\n\t\t\t\t\t\t\t\t<li class=\"elementor-icon-list-item\">\n\t\t\t\t\t\t\t\t\t\t\t<span class=\"elementor-icon-list-icon\">\n\t\t\t\t\t\t\t<i aria-hidden=\"true\" class=\"icon icon-check\"><\/i>\t\t\t\t\t\t<\/span>\n\t\t\t\t\t\t\t\t\t\t<span class=\"elementor-icon-list-text\">L'associazione culturale Namast\u00e9 (Italia) in qualit\u00e0 di consulente di coordinamento, terapista psicomotorio, organizzatore di eventi e responsabile delle pubbliche relazioni.<\/span>\n\t\t\t\t\t\t\t\t\t<\/li>\n\t\t\t\t\t\t<\/ul>\n\t\t\t\t\t\t<\/div>\n\t\t\t\t<div class=\"elementor-element elementor-element-0141943 elementor-widget elementor-widget-text-editor\" data-id=\"0141943\" data-element_type=\"widget\" data-e-type=\"widget\" data-widget_type=\"text-editor.default\">\n\t\t\t\t\t\t\t\t\t<p data-path-to-node=\"11\">Nel corso della sua carriera, ha collaborato attivamente con diverse istituzioni ed enti del settore socio-sanitario:<\/p><ul data-path-to-node=\"12\"><li><p id=\"p-rc_b51a57d6bd831e26-438\" data-path-to-node=\"12,0,0\"><span data-path-to-node=\"12,0,0,0\"><b data-path-to-node=\"12,0,0,0\" data-index-in-node=\"0\">enti di supporto e inclusione:<\/b> Namast\u00e9 Onlus, Centro Diurno Disabili (Cologno Monzese) e Fondazione Don Carlo Gnocchi ONLUS<\/span><span data-path-to-node=\"12,0,0,2\">.<\/span><\/p><\/li><li><p id=\"p-rc_b51a57d6bd831e26-439\" data-path-to-node=\"12,1,0\"><span data-path-to-node=\"12,1,0,0\"><b data-path-to-node=\"12,1,0,0\" data-index-in-node=\"0\">centri educativi e di assistenza:<\/b> Istituto San Vincenzo e Centro Socio-Educativo Il Fiore<\/span><span data-path-to-node=\"12,1,0,2\">.<\/span><\/p><\/li><\/ul><p>Ha co-diretto gruppi di danza per persone con Parkinson e le loro famiglie insieme a Cinzia Pattoni (terapista psicomotoria specializzata in Biodanza e Parkinson); ha svolto interventi psicomotori individuali a domicilio; ha condotto gruppi psicomotori per persone con Parkinson; ha co-diretto gruppi per persone con Parkinson insieme a una musicoterapista, una psicologa e una logopedista.<\/p>\t\t\t\t\t\t\t\t<\/div>\n\t\t\t\t<div class=\"elementor-element elementor-element-89f7f69 elementor-align-left elementor-tablet-align-center elementor-invisible elementor-widget elementor-widget-button\" data-id=\"89f7f69\" data-element_type=\"widget\" data-e-type=\"widget\" data-settings=\"{&quot;_animation&quot;:&quot;fadeIn&quot;,&quot;_animation_delay&quot;:200}\" data-widget_type=\"button.default\">\n\t\t\t\t\t\t\t\t\t\t<a class=\"elementor-button elementor-button-link elementor-size-sm\" href=\"https:\/\/www.linkedin.com\/authwall?trk=gf&#038;trkInfo=AQEAsxXMDYzBpQAAAXT-8Kl4NroSm63jBr1NLQMM2fL_ZGgNvUrstVBJIGad4yVDyFO0jA_r7gUVbHGVAC19QggU0NA0ve0x_3XWLFEV0lMp77IeVmxJn3JY7_G6-EnuKZZuB1s=&#038;originalReferer=https:\/\/parkinsonnolimits.com\/&#038;sessionRedirect=https%3A%2F%2Fwww.linkedin.com%2Fin%2Ffrancesca-de-bartolomeis-a9a43747\" target=\"_blank\" rel=\"nofollow\">\n\t\t\t\t\t\t<span class=\"elementor-button-content-wrapper\">\n\t\t\t\t\t\t\t\t\t<span class=\"elementor-button-text\">Profilo Linkedin<\/span>\n\t\t\t\t\t<\/span>\n\t\t\t\t\t<\/a>\n\t\t\t\t\t\t\t\t<\/div>\n\t\t\t\t<\/div>\n\t\t\t\t\t<\/div>\n\t\t\t\t<\/div>\n\t\t\t\t<\/div>\n\t\t","protected":false},"excerpt":{"rendered":"<p>Psicomotricista e coordinatrice Francesca De Bartolomeis Psicomotricista Coordinatrice Generale, Project Manager e Psicomotricista Francesca De Bartolomeis \u00e8 una professionista multidisciplinare con oltre 20 anni di esperienza nell&#8217;ambito socio-sanitario, della psicomotricit\u00e0 e nella gestione di progetti sociali, terapeutici e assistenziali. Specializzata nell&#8217;approccio integrato alla malattia di Parkinson e nelle terapie complementari, unisce una solida visione strategica [&hellip;]<\/p>\n","protected":false},"author":1,"featured_media":0,"parent":6741,"menu_order":0,"comment_status":"closed","ping_status":"closed","template":"","meta":{"footnotes":""},"class_list":["post-7183","page","type-page","status-publish","hentry"],"yoast_head":"<!-- This site is optimized with the Yoast SEO plugin v28.1 - https:\/\/yoast.com\/product\/yoast-seo-wordpress\/ -->\n<title>Francesca De Bartolomeis - Parkinson No Limits<\/title>\n<meta name=\"robots\" content=\"index, follow, max-snippet:-1, max-image-preview:large, max-video-preview:-1\" \/>\n<link rel=\"canonical\" href=\"https:\/\/parkinsonnolimits.com\/en\/professional-team\/francesca-de-bartolomeis\/\" \/>\n<meta property=\"og:locale\" content=\"it_IT\" \/>\n<meta property=\"og:type\" content=\"article\" \/>\n<meta property=\"og:title\" content=\"Francesca De Bartolomeis - Parkinson No Limits\" \/>\n<meta property=\"og:description\" content=\"Psicomotricista e coordinatrice Francesca De Bartolomeis Psicomotricista Coordinatrice Generale, Project Manager e Psicomotricista Francesca De Bartolomeis \u00e8 una professionista multidisciplinare con oltre 20 anni di esperienza nell&#8217;ambito socio-sanitario, della psicomotricit\u00e0 e nella gestione di progetti sociali, terapeutici e assistenziali. Specializzata nell&#8217;approccio integrato alla malattia di Parkinson e nelle terapie complementari, unisce una solida visione strategica [&hellip;]\" \/>\n<meta property=\"og:url\" content=\"https:\/\/parkinsonnolimits.com\/en\/professional-team\/francesca-de-bartolomeis\/\" \/>\n<meta property=\"og:site_name\" content=\"Parkinson No Limits\" \/>\n<meta property=\"article:publisher\" content=\"https:\/\/www.facebook.com\/parkinsonnolimits\/\" \/>\n<meta property=\"article:modified_time\" content=\"2026-08-07T11:48:49+00:00\" \/>\n<meta property=\"og:image\" content=\"https:\/\/parkinsonnolimits.com\/wp-content\/uploads\/2025\/12\/francesca-de-bartolomeis.jpg\" \/>\n\t<meta property=\"og:image:width\" content=\"600\" \/>\n\t<meta property=\"og:image:height\" content=\"800\" \/>\n\t<meta property=\"og:image:type\" content=\"image\/jpeg\" \/>\n<meta name=\"twitter:card\" content=\"summary_large_image\" \/>\n<meta name=\"twitter:label1\" content=\"Tempo di lettura stimato\" \/>\n\t<meta name=\"twitter:data1\" content=\"3 minuti\" \/>\n<script type=\"application\/ld+json\" class=\"yoast-schema-graph\">{\"@context\":\"https:\\\/\\\/schema.org\",\"@graph\":[{\"@type\":\"WebPage\",\"@id\":\"https:\\\/\\\/parkinsonnolimits.com\\\/en\\\/professional-team\\\/francesca-de-bartolomeis\\\/\",\"url\":\"https:\\\/\\\/parkinsonnolimits.com\\\/en\\\/professional-team\\\/francesca-de-bartolomeis\\\/\",\"name\":\"Francesca De Bartolomeis - Parkinson No Limits\",\"isPartOf\":{\"@id\":\"https:\\\/\\\/parkinsonnolimits.com\\\/#website\"},\"primaryImageOfPage\":{\"@id\":\"https:\\\/\\\/parkinsonnolimits.com\\\/en\\\/professional-team\\\/francesca-de-bartolomeis\\\/#primaryimage\"},\"image\":{\"@id\":\"https:\\\/\\\/parkinsonnolimits.com\\\/en\\\/professional-team\\\/francesca-de-bartolomeis\\\/#primaryimage\"},\"thumbnailUrl\":\"https:\\\/\\\/parkinsonnolimits.com\\\/wp-content\\\/uploads\\\/2025\\\/12\\\/francesca-de-bartolomeis.jpg\",\"datePublished\":\"2025-12-12T08:53:14+00:00\",\"dateModified\":\"2026-08-07T11:48:49+00:00\",\"breadcrumb\":{\"@id\":\"https:\\\/\\\/parkinsonnolimits.com\\\/en\\\/professional-team\\\/francesca-de-bartolomeis\\\/#breadcrumb\"},\"inLanguage\":\"it-IT\",\"potentialAction\":[{\"@type\":\"ReadAction\",\"target\":[\"https:\\\/\\\/parkinsonnolimits.com\\\/en\\\/professional-team\\\/francesca-de-bartolomeis\\\/\"]}]},{\"@type\":\"ImageObject\",\"inLanguage\":\"it-IT\",\"@id\":\"https:\\\/\\\/parkinsonnolimits.com\\\/en\\\/professional-team\\\/francesca-de-bartolomeis\\\/#primaryimage\",\"url\":\"https:\\\/\\\/parkinsonnolimits.com\\\/wp-content\\\/uploads\\\/2025\\\/12\\\/francesca-de-bartolomeis.jpg\",\"contentUrl\":\"https:\\\/\\\/parkinsonnolimits.com\\\/wp-content\\\/uploads\\\/2025\\\/12\\\/francesca-de-bartolomeis.jpg\"},{\"@type\":\"BreadcrumbList\",\"@id\":\"https:\\\/\\\/parkinsonnolimits.com\\\/en\\\/professional-team\\\/francesca-de-bartolomeis\\\/#breadcrumb\",\"itemListElement\":[{\"@type\":\"ListItem\",\"position\":1,\"name\":\"Portada\",\"item\":\"https:\\\/\\\/parkinsonnolimits.com\\\/\"},{\"@type\":\"ListItem\",\"position\":2,\"name\":\"\u00c9quipe di professionisti\",\"item\":\"https:\\\/\\\/parkinsonnolimits.com\\\/en\\\/professional-team\\\/\"},{\"@type\":\"ListItem\",\"position\":3,\"name\":\"Francesca De Bartolomeis\"}]},{\"@type\":\"WebSite\",\"@id\":\"https:\\\/\\\/parkinsonnolimits.com\\\/#website\",\"url\":\"https:\\\/\\\/parkinsonnolimits.com\\\/\",\"name\":\"Parkinson No Limit\",\"description\":\"Asociaci\u00f3n sin \u00e1nimo de lucro en Fuerteventura \u2022 Tu red de apoyo y vida activa\",\"publisher\":{\"@id\":\"https:\\\/\\\/parkinsonnolimits.com\\\/#organization\"},\"potentialAction\":[{\"@type\":\"SearchAction\",\"target\":{\"@type\":\"EntryPoint\",\"urlTemplate\":\"https:\\\/\\\/parkinsonnolimits.com\\\/?s={search_term_string}\"},\"query-input\":{\"@type\":\"PropertyValueSpecification\",\"valueRequired\":true,\"valueName\":\"search_term_string\"}}],\"inLanguage\":\"it-IT\"},{\"@type\":\"Organization\",\"@id\":\"https:\\\/\\\/parkinsonnolimits.com\\\/#organization\",\"name\":\"FuerteVida Parkinson No Limits\",\"url\":\"https:\\\/\\\/parkinsonnolimits.com\\\/\",\"logo\":{\"@type\":\"ImageObject\",\"inLanguage\":\"it-IT\",\"@id\":\"https:\\\/\\\/parkinsonnolimits.com\\\/#\\\/schema\\\/logo\\\/image\\\/\",\"url\":\"https:\\\/\\\/parkinsonnolimits.com\\\/wp-content\\\/uploads\\\/2026\\\/07\\\/Screenshot_20250609_124608_Sketchbook-1.png\",\"contentUrl\":\"https:\\\/\\\/parkinsonnolimits.com\\\/wp-content\\\/uploads\\\/2026\\\/07\\\/Screenshot_20250609_124608_Sketchbook-1.png\",\"width\":1080,\"height\":833,\"caption\":\"FuerteVida Parkinson No Limits\"},\"image\":{\"@id\":\"https:\\\/\\\/parkinsonnolimits.com\\\/#\\\/schema\\\/logo\\\/image\\\/\"},\"sameAs\":[\"https:\\\/\\\/www.facebook.com\\\/parkinsonnolimits\\\/\",\"https:\\\/\\\/www.instagram.com\\\/parkinson_no_limits?igsh=NjdhcnJqb291N3I5\",\"https:\\\/\\\/www.youtube.com\\\/channel\\\/UCM1QIUUPNmrK9XduMWpfkhw\"]}]}<\/script>\n<!-- \/ Yoast SEO plugin. -->","yoast_head_json":{"title":"Francesca De Bartolomeis - Parkinson No Limits","robots":{"index":"index","follow":"follow","max-snippet":"max-snippet:-1","max-image-preview":"max-image-preview:large","max-video-preview":"max-video-preview:-1"},"canonical":"https:\/\/parkinsonnolimits.com\/en\/professional-team\/francesca-de-bartolomeis\/","og_locale":"it_IT","og_type":"article","og_title":"Francesca De Bartolomeis - Parkinson No Limits","og_description":"Psicomotricista e coordinatrice Francesca De Bartolomeis Psicomotricista Coordinatrice Generale, Project Manager e Psicomotricista Francesca De Bartolomeis \u00e8 una professionista multidisciplinare con oltre 20 anni di esperienza nell&#8217;ambito socio-sanitario, della psicomotricit\u00e0 e nella gestione di progetti sociali, terapeutici e assistenziali. Specializzata nell&#8217;approccio integrato alla malattia di Parkinson e nelle terapie complementari, unisce una solida visione strategica [&hellip;]","og_url":"https:\/\/parkinsonnolimits.com\/en\/professional-team\/francesca-de-bartolomeis\/","og_site_name":"Parkinson No Limits","article_publisher":"https:\/\/www.facebook.com\/parkinsonnolimits\/","article_modified_time":"2026-08-07T11:48:49+00:00","og_image":[{"width":600,"height":800,"url":"https:\/\/parkinsonnolimits.com\/wp-content\/uploads\/2025\/12\/francesca-de-bartolomeis.jpg","type":"image\/jpeg"}],"twitter_card":"summary_large_image","twitter_misc":{"Tempo di lettura stimato":"3 minuti"},"schema":{"@context":"https:\/\/schema.org","@graph":[{"@type":"WebPage","@id":"https:\/\/parkinsonnolimits.com\/en\/professional-team\/francesca-de-bartolomeis\/","url":"https:\/\/parkinsonnolimits.com\/en\/professional-team\/francesca-de-bartolomeis\/","name":"Francesca De Bartolomeis - Parkinson No Limits","isPartOf":{"@id":"https:\/\/parkinsonnolimits.com\/#website"},"primaryImageOfPage":{"@id":"https:\/\/parkinsonnolimits.com\/en\/professional-team\/francesca-de-bartolomeis\/#primaryimage"},"image":{"@id":"https:\/\/parkinsonnolimits.com\/en\/professional-team\/francesca-de-bartolomeis\/#primaryimage"},"thumbnailUrl":"https:\/\/parkinsonnolimits.com\/wp-content\/uploads\/2025\/12\/francesca-de-bartolomeis.jpg","datePublished":"2025-12-12T08:53:14+00:00","dateModified":"2026-08-07T11:48:49+00:00","breadcrumb":{"@id":"https:\/\/parkinsonnolimits.com\/en\/professional-team\/francesca-de-bartolomeis\/#breadcrumb"},"inLanguage":"it-IT","potentialAction":[{"@type":"ReadAction","target":["https:\/\/parkinsonnolimits.com\/en\/professional-team\/francesca-de-bartolomeis\/"]}]},{"@type":"ImageObject","inLanguage":"it-IT","@id":"https:\/\/parkinsonnolimits.com\/en\/professional-team\/francesca-de-bartolomeis\/#primaryimage","url":"https:\/\/parkinsonnolimits.com\/wp-content\/uploads\/2025\/12\/francesca-de-bartolomeis.jpg","contentUrl":"https:\/\/parkinsonnolimits.com\/wp-content\/uploads\/2025\/12\/francesca-de-bartolomeis.jpg"},{"@type":"BreadcrumbList","@id":"https:\/\/parkinsonnolimits.com\/en\/professional-team\/francesca-de-bartolomeis\/#breadcrumb","itemListElement":[{"@type":"ListItem","position":1,"name":"Portada","item":"https:\/\/parkinsonnolimits.com\/"},{"@type":"ListItem","position":2,"name":"\u00c9quipe di professionisti","item":"https:\/\/parkinsonnolimits.com\/en\/professional-team\/"},{"@type":"ListItem","position":3,"name":"Francesca De Bartolomeis"}]},{"@type":"WebSite","@id":"https:\/\/parkinsonnolimits.com\/#website","url":"https:\/\/parkinsonnolimits.com\/","name":"Parkinson No Limit","description":"Asociaci\u00f3n sin \u00e1nimo de lucro en Fuerteventura \u2022 Tu red de apoyo y vida activa","publisher":{"@id":"https:\/\/parkinsonnolimits.com\/#organization"},"potentialAction":[{"@type":"SearchAction","target":{"@type":"EntryPoint","urlTemplate":"https:\/\/parkinsonnolimits.com\/?s={search_term_string}"},"query-input":{"@type":"PropertyValueSpecification","valueRequired":true,"valueName":"search_term_string"}}],"inLanguage":"it-IT"},{"@type":"Organization","@id":"https:\/\/parkinsonnolimits.com\/#organization","name":"FuerteVida Parkinson No Limits","url":"https:\/\/parkinsonnolimits.com\/","logo":{"@type":"ImageObject","inLanguage":"it-IT","@id":"https:\/\/parkinsonnolimits.com\/#\/schema\/logo\/image\/","url":"https:\/\/parkinsonnolimits.com\/wp-content\/uploads\/2026\/07\/Screenshot_20250609_124608_Sketchbook-1.png","contentUrl":"https:\/\/parkinsonnolimits.com\/wp-content\/uploads\/2026\/07\/Screenshot_20250609_124608_Sketchbook-1.png","width":1080,"height":833,"caption":"FuerteVida Parkinson No Limits"},"image":{"@id":"https:\/\/parkinsonnolimits.com\/#\/schema\/logo\/image\/"},"sameAs":["https:\/\/www.facebook.com\/parkinsonnolimits\/","https:\/\/www.instagram.com\/parkinson_no_limits?igsh=NjdhcnJqb291N3I5","https:\/\/www.youtube.com\/channel\/UCM1QIUUPNmrK9XduMWpfkhw"]}]}},"_hostinger_reach_plugin_has_subscription_block":false,"_hostinger_reach_plugin_is_elementor":false,"_links":{"self":[{"href":"https:\/\/parkinsonnolimits.com\/it\/wp-json\/wp\/v2\/pages\/7183","targetHints":{"allow":["GET"]}}],"collection":[{"href":"https:\/\/parkinsonnolimits.com\/it\/wp-json\/wp\/v2\/pages"}],"about":[{"href":"https:\/\/parkinsonnolimits.com\/it\/wp-json\/wp\/v2\/types\/page"}],"author":[{"embeddable":true,"href":"https:\/\/parkinsonnolimits.com\/it\/wp-json\/wp\/v2\/users\/1"}],"replies":[{"embeddable":true,"href":"https:\/\/parkinsonnolimits.com\/it\/wp-json\/wp\/v2\/comments?post=7183"}],"version-history":[{"count":6,"href":"https:\/\/parkinsonnolimits.com\/it\/wp-json\/wp\/v2\/pages\/7183\/revisions"}],"predecessor-version":[{"id":9041,"href":"https:\/\/parkinsonnolimits.com\/it\/wp-json\/wp\/v2\/pages\/7183\/revisions\/9041"}],"up":[{"embeddable":true,"href":"https:\/\/parkinsonnolimits.com\/it\/wp-json\/wp\/v2\/pages\/6741"}],"wp:attachment":[{"href":"https:\/\/parkinsonnolimits.com\/it\/wp-json\/wp\/v2\/media?parent=7183"}],"curies":[{"name":"wp","href":"https:\/\/api.w.org\/{rel}","templated":true}]}}